{"id":10264,"date":"2026-04-28T16:37:25","date_gmt":"2026-04-28T14:37:25","guid":{"rendered":"https:\/\/www.silvercoastpropertyservices.com\/?post_type=hb_accommodation&#038;p=10264"},"modified":"2026-04-28T16:37:25","modified_gmt":"2026-04-28T14:37:25","slug":"villa-casal-do-bispo","status":"publish","type":"hb_accommodation","link":"https:\/\/www.silvercoastpropertyservices.com\/fr\/accommodation\/villa-casal-do-bispo\/","title":{"rendered":"Villa Casal do Bispo"},"content":{"rendered":"<div class=\"fusion-fullwidth fullwidth-box fusion-builder-row-1 fusion-flex-container has-pattern-background has-mask-background nonhundred-percent-fullwidth non-hundred-percent-height-scrolling\" style=\"--awb-border-radius-top-left:0px;--awb-border-radius-top-right:0px;--awb-border-radius-bottom-right:0px;--awb-border-radius-bottom-left:0px;--awb-flex-wrap:wrap;\" ><div class=\"fusion-builder-row fusion-row fusion-flex-align-items-flex-start fusion-flex-content-wrap\" style=\"max-width:1420.64px;margin-left: calc(-4% \/ 2 );margin-right: calc(-4% \/ 2 );\"><div class=\"fusion-layout-column fusion_builder_column fusion-builder-column-0 fusion_builder_column_1_1 1_1 fusion-flex-column\" style=\"--awb-bg-size:cover;--awb-width-large:100%;--awb-margin-top-large:0px;--awb-spacing-right-large:1.92%;--awb-margin-bottom-large:20px;--awb-spacing-left-large:1.92%;--awb-width-medium:100%;--awb-order-medium:0;--awb-spacing-right-medium:1.92%;--awb-spacing-left-medium:1.92%;--awb-width-small:100%;--awb-order-small:0;--awb-spacing-right-small:1.92%;--awb-spacing-left-small:1.92%;\"><div class=\"fusion-column-wrapper fusion-column-has-shadow fusion-flex-justify-content-flex-start fusion-content-layout-column\"><div class=\"fusion-text fusion-text-1\"><p>Nich\u00e9e dans la charmante r\u00e9gion de la C\u00f4te d&#8217;Argent, cette ravissante villa \u00e0 Famalic\u00e3o da Nazar\u00e9 est le refuge id\u00e9al pour les familles comme pour les couples. Avec ses trois chambres spacieuses, 2 salles de bain, 1 WC, salon et sa cuisine bien \u00e9quip\u00e9e, elle offre une atmosph\u00e8re confortable et accueillante pour votre s\u00e9jour.<\/p>\n<p>&#8211; Piscine priv\u00e9e chauff\u00e9e : profitez du luxe de votre propre piscine chauff\u00e9e, id\u00e9ale pour des journ\u00e9es en famille pleines de joie sous le soleil.<br \/>\n&#8211; Jardin cl\u00f4tur\u00e9 : le vaste jardin offre un espace serein propice \u00e0 la d\u00e9tente, o\u00f9 les enfants peuvent jouer librement et les adultes se reposer.<br \/>\n&#8211; Terrasse ext\u00e9rieure : une charmante terrasse vous attend, parfaite pour prendre un caf\u00e9 le matin ou pour des moments de convivialit\u00e9 en soir\u00e9e avec vos proches.<\/p>\n<p>&#8211; Cuisine enti\u00e8rement \u00e9quip\u00e9e : pr\u00e9parez de d\u00e9licieux repas en toute simplicit\u00e9 dans la cuisine moderne, \u00e9quip\u00e9e de tous les appareils n\u00e9cessaires.<br \/>\n&#8211; Espace de vie confortable : le salon est spacieux et lumineux, id\u00e9al pour les soir\u00e9es cin\u00e9ma en famille.<\/p>\n<\/div><\/div><\/div><\/div><\/div>\n","protected":false},"featured_media":10263,"template":"","leefruimte-voorziening":[122,140,58,141,64,68],"keuken-voorziening":[74,76,78,80,114,82,84,86,88,90,70,72],"tuin-voorziening":[96,98,99,100,94],"class_list":["post-10264","hb_accommodation","type-hb_accommodation","status-publish","has-post-thumbnail","hentry","leefruimte-voorziening-chauffage-central","leefruimte-voorziening-parasol-2","leefruimte-voorziening-television-fr","leefruimte-voorziening-chaises","leefruimte-voorziening-air-conditionne","leefruimte-voorziening-informations-sur-la-region","keuken-voorziening-congelateur","keuken-voorziening-four","keuken-voorziening-plaque-de-cuisson-vitroceramique","keuken-voorziening-lave-vaisselle","keuken-voorziening-utilitaire-buanderie","keuken-voorziening-micro-ondes","keuken-voorziening-cafetiere","keuken-voorziening-grille-pain","keuken-voorziening-linge-de-cuisine","keuken-voorziening-machine-a-laver","keuken-voorziening-cuisine-entierement-equipee","keuken-voorziening-frigo","tuin-voorziening-terrasse-privee","tuin-voorziening-piscine-chauffee","tuin-voorziening-chaises-longues-au-bord-de-la-piscine","tuin-voorziening-barbecue-fr","tuin-voorziening-mobilier-d-exterieur"],"yoast_head":"<!-- This site is optimized with the Yoast SEO plugin v27.5 - https:\/\/yoast.com\/product\/yoast-seo-wordpress\/ -->\n<title>Villa avec piscine chauff\u00e9e et jardin | Famalic\u00e3o da Nazar\u00e9<\/title>\n<meta name=\"robots\" content=\"index, follow, max-snippet:-1, max-image-preview:large, max-video-preview:-1\" \/>\n<link rel=\"canonical\" href=\"https:\/\/www.silvercoastpropertyservices.com\/fr\/accommodation\/villa-casal-do-bispo\/\" \/>\n<meta property=\"og:locale\" content=\"fr_FR\" \/>\n<meta property=\"og:type\" content=\"article\" \/>\n<meta property=\"og:title\" content=\"Villa avec piscine chauff\u00e9e et jardin | Famalic\u00e3o da Nazar\u00e9\" \/>\n<meta property=\"og:url\" content=\"https:\/\/www.silvercoastpropertyservices.com\/fr\/accommodation\/villa-casal-do-bispo\/\" \/>\n<meta property=\"og:site_name\" content=\"2nd Place in Portugal\" \/>\n<meta property=\"og:image\" content=\"https:\/\/www.silvercoastpropertyservices.com\/wp-content\/uploads\/2026\/04\/WhatsApp-Image-2026-04-16-at-16.07.33-scaled.jpeg\" \/>\n\t<meta property=\"og:image:width\" content=\"1920\" \/>\n\t<meta property=\"og:image:height\" content=\"1440\" \/>\n\t<meta property=\"og:image:type\" content=\"image\/jpeg\" \/>\n<meta name=\"twitter:card\" content=\"summary_large_image\" \/>\n<meta name=\"twitter:label1\" content=\"Dur\u00e9e de lecture estim\u00e9e\" \/>\n\t<meta name=\"twitter:data1\" content=\"2 minutes\" \/>\n<script type=\"application\/ld+json\" class=\"yoast-schema-graph\">{\"@context\":\"https:\\\/\\\/schema.org\",\"@graph\":[{\"@type\":\"WebPage\",\"@id\":\"https:\\\/\\\/www.silvercoastpropertyservices.com\\\/fr\\\/accommodation\\\/villa-casal-do-bispo\\\/\",\"url\":\"https:\\\/\\\/www.silvercoastpropertyservices.com\\\/fr\\\/accommodation\\\/villa-casal-do-bispo\\\/\",\"name\":\"Villa avec piscine chauff\u00e9e et jardin | Famalic\u00e3o da Nazar\u00e9\",\"isPartOf\":{\"@id\":\"https:\\\/\\\/www.silvercoastpropertyservices.com\\\/fr\\\/#website\"},\"primaryImageOfPage\":{\"@id\":\"https:\\\/\\\/www.silvercoastpropertyservices.com\\\/fr\\\/accommodation\\\/villa-casal-do-bispo\\\/#primaryimage\"},\"image\":{\"@id\":\"https:\\\/\\\/www.silvercoastpropertyservices.com\\\/fr\\\/accommodation\\\/villa-casal-do-bispo\\\/#primaryimage\"},\"thumbnailUrl\":\"https:\\\/\\\/www.silvercoastpropertyservices.com\\\/wp-content\\\/uploads\\\/2026\\\/04\\\/WhatsApp-Image-2026-04-16-at-16.07.33-scaled.jpeg\",\"datePublished\":\"2026-04-28T14:37:25+00:00\",\"breadcrumb\":{\"@id\":\"https:\\\/\\\/www.silvercoastpropertyservices.com\\\/fr\\\/accommodation\\\/villa-casal-do-bispo\\\/#breadcrumb\"},\"inLanguage\":\"fr-FR\",\"potentialAction\":[{\"@type\":\"ReadAction\",\"target\":[\"https:\\\/\\\/www.silvercoastpropertyservices.com\\\/fr\\\/accommodation\\\/villa-casal-do-bispo\\\/\"]}]},{\"@type\":\"ImageObject\",\"inLanguage\":\"fr-FR\",\"@id\":\"https:\\\/\\\/www.silvercoastpropertyservices.com\\\/fr\\\/accommodation\\\/villa-casal-do-bispo\\\/#primaryimage\",\"url\":\"https:\\\/\\\/www.silvercoastpropertyservices.com\\\/wp-content\\\/uploads\\\/2026\\\/04\\\/WhatsApp-Image-2026-04-16-at-16.07.33-scaled.jpeg\",\"contentUrl\":\"https:\\\/\\\/www.silvercoastpropertyservices.com\\\/wp-content\\\/uploads\\\/2026\\\/04\\\/WhatsApp-Image-2026-04-16-at-16.07.33-scaled.jpeg\",\"width\":1920,\"height\":1440},{\"@type\":\"BreadcrumbList\",\"@id\":\"https:\\\/\\\/www.silvercoastpropertyservices.com\\\/fr\\\/accommodation\\\/villa-casal-do-bispo\\\/#breadcrumb\",\"itemListElement\":[{\"@type\":\"ListItem\",\"position\":1,\"name\":\"Home\",\"item\":\"https:\\\/\\\/www.silvercoastpropertyservices.com\\\/fr\\\/\"},{\"@type\":\"ListItem\",\"position\":2,\"name\":\"Types d&#039;h\u00e9bergement\",\"item\":\"https:\\\/\\\/www.silvercoastpropertyservices.com\\\/fr\\\/accommodation\\\/\"},{\"@type\":\"ListItem\",\"position\":3,\"name\":\"Villa Casal do Bispo\"}]},{\"@type\":\"WebSite\",\"@id\":\"https:\\\/\\\/www.silvercoastpropertyservices.com\\\/fr\\\/#website\",\"url\":\"https:\\\/\\\/www.silvercoastpropertyservices.com\\\/fr\\\/\",\"name\":\"2nd Place in Portugal\",\"description\":\"En nog een WordPress website\",\"publisher\":{\"@id\":\"https:\\\/\\\/www.silvercoastpropertyservices.com\\\/fr\\\/#organization\"},\"potentialAction\":[{\"@type\":\"SearchAction\",\"target\":{\"@type\":\"EntryPoint\",\"urlTemplate\":\"https:\\\/\\\/www.silvercoastpropertyservices.com\\\/fr\\\/?s={search_term_string}\"},\"query-input\":{\"@type\":\"PropertyValueSpecification\",\"valueRequired\":true,\"valueName\":\"search_term_string\"}}],\"inLanguage\":\"fr-FR\"},{\"@type\":\"Organization\",\"@id\":\"https:\\\/\\\/www.silvercoastpropertyservices.com\\\/fr\\\/#organization\",\"name\":\"2nd Place in Portugal\",\"url\":\"https:\\\/\\\/www.silvercoastpropertyservices.com\\\/fr\\\/\",\"logo\":{\"@type\":\"ImageObject\",\"inLanguage\":\"fr-FR\",\"@id\":\"https:\\\/\\\/www.silvercoastpropertyservices.com\\\/fr\\\/#\\\/schema\\\/logo\\\/image\\\/\",\"url\":\"https:\\\/\\\/www.silvercoastpropertyservices.com\\\/wp-content\\\/uploads\\\/2019\\\/02\\\/logo-circle.png\",\"contentUrl\":\"https:\\\/\\\/www.silvercoastpropertyservices.com\\\/wp-content\\\/uploads\\\/2019\\\/02\\\/logo-circle.png\",\"width\":200,\"height\":200,\"caption\":\"2nd Place in Portugal\"},\"image\":{\"@id\":\"https:\\\/\\\/www.silvercoastpropertyservices.com\\\/fr\\\/#\\\/schema\\\/logo\\\/image\\\/\"}}]}<\/script>\n<!-- \/ Yoast SEO plugin. -->","yoast_head_json":{"title":"Villa avec piscine chauff\u00e9e et jardin | Famalic\u00e3o da Nazar\u00e9","robots":{"index":"index","follow":"follow","max-snippet":"max-snippet:-1","max-image-preview":"max-image-preview:large","max-video-preview":"max-video-preview:-1"},"canonical":"https:\/\/www.silvercoastpropertyservices.com\/fr\/accommodation\/villa-casal-do-bispo\/","og_locale":"fr_FR","og_type":"article","og_title":"Villa avec piscine chauff\u00e9e et jardin | Famalic\u00e3o da Nazar\u00e9","og_url":"https:\/\/www.silvercoastpropertyservices.com\/fr\/accommodation\/villa-casal-do-bispo\/","og_site_name":"2nd Place in Portugal","og_image":[{"width":1920,"height":1440,"url":"https:\/\/www.silvercoastpropertyservices.com\/wp-content\/uploads\/2026\/04\/WhatsApp-Image-2026-04-16-at-16.07.33-scaled.jpeg","type":"image\/jpeg"}],"twitter_card":"summary_large_image","twitter_misc":{"Dur\u00e9e de lecture estim\u00e9e":"2 minutes"},"schema":{"@context":"https:\/\/schema.org","@graph":[{"@type":"WebPage","@id":"https:\/\/www.silvercoastpropertyservices.com\/fr\/accommodation\/villa-casal-do-bispo\/","url":"https:\/\/www.silvercoastpropertyservices.com\/fr\/accommodation\/villa-casal-do-bispo\/","name":"Villa avec piscine chauff\u00e9e et jardin | Famalic\u00e3o da Nazar\u00e9","isPartOf":{"@id":"https:\/\/www.silvercoastpropertyservices.com\/fr\/#website"},"primaryImageOfPage":{"@id":"https:\/\/www.silvercoastpropertyservices.com\/fr\/accommodation\/villa-casal-do-bispo\/#primaryimage"},"image":{"@id":"https:\/\/www.silvercoastpropertyservices.com\/fr\/accommodation\/villa-casal-do-bispo\/#primaryimage"},"thumbnailUrl":"https:\/\/www.silvercoastpropertyservices.com\/wp-content\/uploads\/2026\/04\/WhatsApp-Image-2026-04-16-at-16.07.33-scaled.jpeg","datePublished":"2026-04-28T14:37:25+00:00","breadcrumb":{"@id":"https:\/\/www.silvercoastpropertyservices.com\/fr\/accommodation\/villa-casal-do-bispo\/#breadcrumb"},"inLanguage":"fr-FR","potentialAction":[{"@type":"ReadAction","target":["https:\/\/www.silvercoastpropertyservices.com\/fr\/accommodation\/villa-casal-do-bispo\/"]}]},{"@type":"ImageObject","inLanguage":"fr-FR","@id":"https:\/\/www.silvercoastpropertyservices.com\/fr\/accommodation\/villa-casal-do-bispo\/#primaryimage","url":"https:\/\/www.silvercoastpropertyservices.com\/wp-content\/uploads\/2026\/04\/WhatsApp-Image-2026-04-16-at-16.07.33-scaled.jpeg","contentUrl":"https:\/\/www.silvercoastpropertyservices.com\/wp-content\/uploads\/2026\/04\/WhatsApp-Image-2026-04-16-at-16.07.33-scaled.jpeg","width":1920,"height":1440},{"@type":"BreadcrumbList","@id":"https:\/\/www.silvercoastpropertyservices.com\/fr\/accommodation\/villa-casal-do-bispo\/#breadcrumb","itemListElement":[{"@type":"ListItem","position":1,"name":"Home","item":"https:\/\/www.silvercoastpropertyservices.com\/fr\/"},{"@type":"ListItem","position":2,"name":"Types d&#039;h\u00e9bergement","item":"https:\/\/www.silvercoastpropertyservices.com\/fr\/accommodation\/"},{"@type":"ListItem","position":3,"name":"Villa Casal do Bispo"}]},{"@type":"WebSite","@id":"https:\/\/www.silvercoastpropertyservices.com\/fr\/#website","url":"https:\/\/www.silvercoastpropertyservices.com\/fr\/","name":"2nd Place in Portugal","description":"En nog een WordPress website","publisher":{"@id":"https:\/\/www.silvercoastpropertyservices.com\/fr\/#organization"},"potentialAction":[{"@type":"SearchAction","target":{"@type":"EntryPoint","urlTemplate":"https:\/\/www.silvercoastpropertyservices.com\/fr\/?s={search_term_string}"},"query-input":{"@type":"PropertyValueSpecification","valueRequired":true,"valueName":"search_term_string"}}],"inLanguage":"fr-FR"},{"@type":"Organization","@id":"https:\/\/www.silvercoastpropertyservices.com\/fr\/#organization","name":"2nd Place in Portugal","url":"https:\/\/www.silvercoastpropertyservices.com\/fr\/","logo":{"@type":"ImageObject","inLanguage":"fr-FR","@id":"https:\/\/www.silvercoastpropertyservices.com\/fr\/#\/schema\/logo\/image\/","url":"https:\/\/www.silvercoastpropertyservices.com\/wp-content\/uploads\/2019\/02\/logo-circle.png","contentUrl":"https:\/\/www.silvercoastpropertyservices.com\/wp-content\/uploads\/2019\/02\/logo-circle.png","width":200,"height":200,"caption":"2nd Place in Portugal"},"image":{"@id":"https:\/\/www.silvercoastpropertyservices.com\/fr\/#\/schema\/logo\/image\/"}}]}},"_links":{"self":[{"href":"https:\/\/www.silvercoastpropertyservices.com\/fr\/wp-json\/wp\/v2\/hb_accommodation\/10264","targetHints":{"allow":["GET"]}}],"collection":[{"href":"https:\/\/www.silvercoastpropertyservices.com\/fr\/wp-json\/wp\/v2\/hb_accommodation"}],"about":[{"href":"https:\/\/www.silvercoastpropertyservices.com\/fr\/wp-json\/wp\/v2\/types\/hb_accommodation"}],"version-history":[{"count":1,"href":"https:\/\/www.silvercoastpropertyservices.com\/fr\/wp-json\/wp\/v2\/hb_accommodation\/10264\/revisions"}],"predecessor-version":[{"id":10310,"href":"https:\/\/www.silvercoastpropertyservices.com\/fr\/wp-json\/wp\/v2\/hb_accommodation\/10264\/revisions\/10310"}],"wp:featuredmedia":[{"embeddable":true,"href":"https:\/\/www.silvercoastpropertyservices.com\/fr\/wp-json\/wp\/v2\/media\/10263"}],"wp:attachment":[{"href":"https:\/\/www.silvercoastpropertyservices.com\/fr\/wp-json\/wp\/v2\/media?parent=10264"}],"wp:term":[{"taxonomy":"leefruimte-voorziening","embeddable":true,"href":"https:\/\/www.silvercoastpropertyservices.com\/fr\/wp-json\/wp\/v2\/leefruimte-voorziening?post=10264"},{"taxonomy":"keuken-voorziening","embeddable":true,"href":"https:\/\/www.silvercoastpropertyservices.com\/fr\/wp-json\/wp\/v2\/keuken-voorziening?post=10264"},{"taxonomy":"tuin-voorziening","embeddable":true,"href":"https:\/\/www.silvercoastpropertyservices.com\/fr\/wp-json\/wp\/v2\/tuin-voorziening?post=10264"}],"curies":[{"name":"wp","href":"https:\/\/api.w.org\/{rel}","templated":true}]}}