{"id":10113,"date":"2026-04-27T17:27:59","date_gmt":"2026-04-27T15:27:59","guid":{"rendered":"https:\/\/www.silvercoastpropertyservices.com\/?post_type=hb_accommodation&#038;p=10113"},"modified":"2026-04-27T17:27:59","modified_gmt":"2026-04-27T15:27:59","slug":"t2-vale-furado","status":"publish","type":"hb_accommodation","link":"https:\/\/www.silvercoastpropertyservices.com\/fr\/accommodation\/t2-vale-furado\/","title":{"rendered":"T2 Vale Furado"},"content":{"rendered":"<div class=\"fusion-fullwidth fullwidth-box fusion-builder-row-1 fusion-flex-container has-pattern-background has-mask-background nonhundred-percent-fullwidth non-hundred-percent-height-scrolling\" style=\"--awb-border-radius-top-left:0px;--awb-border-radius-top-right:0px;--awb-border-radius-bottom-right:0px;--awb-border-radius-bottom-left:0px;--awb-flex-wrap:wrap;\" ><div class=\"fusion-builder-row fusion-row fusion-flex-align-items-flex-start fusion-flex-content-wrap\" style=\"max-width:1420.64px;margin-left: calc(-4% \/ 2 );margin-right: calc(-4% \/ 2 );\"><div class=\"fusion-layout-column fusion_builder_column fusion-builder-column-0 fusion_builder_column_1_1 1_1 fusion-flex-column\" style=\"--awb-bg-size:cover;--awb-width-large:100%;--awb-margin-top-large:0px;--awb-spacing-right-large:1.92%;--awb-margin-bottom-large:20px;--awb-spacing-left-large:1.92%;--awb-width-medium:100%;--awb-order-medium:0;--awb-spacing-right-medium:1.92%;--awb-spacing-left-medium:1.92%;--awb-width-small:100%;--awb-order-small:0;--awb-spacing-right-small:1.92%;--awb-spacing-left-small:1.92%;\"><div class=\"fusion-column-wrapper fusion-column-has-shadow fusion-flex-justify-content-flex-start fusion-content-layout-column\"><div class=\"fusion-text fusion-text-1\"><p>Cet appartement chaleureux, situ\u00e9 dans un quartier charmant de Pataias, est parfait aussi bien pour les familles que pour les voyageurs individuels. Avec ses deux chambres confortables et sa cuisine bien \u00e9quip\u00e9e, c&#8217;est un pied-\u00e0-terre id\u00e9al pour votre s\u00e9jour.<\/p>\n<p>&#8211; Salon spacieux : profitez d&#8217;un salon lumineux et confortable.<\/p>\n<p>Restez connect\u00e9 gr\u00e2ce \u00e0 l&#8217;Internet haut d\u00e9bit, id\u00e9al pour t\u00e9l\u00e9travailler ou planifier votre prochaine aventure.<\/p>\n<p>&#8211; Cuisine enti\u00e8rement \u00e9quip\u00e9e : la cuisine dispose de tout ce dont vous avez besoin, y compris un four et un lave-linge pour votre confort.<\/p>\n<p>&#8211; 2 chambres confortables, chacune \u00e9quip\u00e9e de 2 lits simples et de grandes armoires encastr\u00e9es. Le linge de lit est fourni.<\/p>\n<p>&#8211; 1 salle de bains lumineuse, avec douche \u00e0 l&#8217;italienne et bidet. Les serviettes sont fournies.<\/p>\n<p>&#8211; Balcon : un endroit charmant pour d\u00e9guster votre caf\u00e9 le matin ou vous d\u00e9tendre \u00e0 l&#8217;air frais.<\/p>\n<p>&#8211; Piscine : plongez pour vous rafra\u00eechir dans la piscine commune, un excellent moyen de vous d\u00e9tendre et de profiter du soleil.<\/p>\n<\/div><\/div><\/div><\/div><\/div>\n","protected":false},"featured_media":10112,"template":"","leefruimte-voorziening":[58,68],"keuken-voorziening":[70,72,74,76,80,82,84,88,90],"tuin-voorziening":[92,94,99,147],"class_list":["post-10113","hb_accommodation","type-hb_accommodation","status-publish","has-post-thumbnail","hentry","leefruimte-voorziening-television-fr","leefruimte-voorziening-informations-sur-la-region","keuken-voorziening-cuisine-entierement-equipee","keuken-voorziening-frigo","keuken-voorziening-congelateur","keuken-voorziening-four","keuken-voorziening-lave-vaisselle","keuken-voorziening-micro-ondes","keuken-voorziening-cafetiere","keuken-voorziening-linge-de-cuisine","keuken-voorziening-machine-a-laver","tuin-voorziening-piscine-partagee","tuin-voorziening-mobilier-d-exterieur","tuin-voorziening-chaises-longues-au-bord-de-la-piscine","tuin-voorziening-balcon-prive"],"yoast_head":"<!-- This site is optimized with the Yoast SEO plugin v27.4 - https:\/\/yoast.com\/product\/yoast-seo-wordpress\/ -->\n<title>Appartement pr\u00e8s de la mer | Mina do Azeiche<\/title>\n<meta name=\"robots\" content=\"index, follow, max-snippet:-1, max-image-preview:large, max-video-preview:-1\" \/>\n<link rel=\"canonical\" href=\"https:\/\/www.silvercoastpropertyservices.com\/fr\/accommodation\/t2-vale-furado\/\" \/>\n<meta property=\"og:locale\" content=\"fr_FR\" \/>\n<meta property=\"og:type\" content=\"article\" \/>\n<meta property=\"og:title\" content=\"Appartement pr\u00e8s de la mer | Mina do Azeiche\" \/>\n<meta property=\"og:url\" content=\"https:\/\/www.silvercoastpropertyservices.com\/fr\/accommodation\/t2-vale-furado\/\" \/>\n<meta property=\"og:site_name\" content=\"2nd Place in Portugal\" \/>\n<meta property=\"og:image\" content=\"https:\/\/www.silvercoastpropertyservices.com\/wp-content\/uploads\/2026\/04\/PHOTO-2026-04-14-10-42-32-1-scaled.jpg\" \/>\n\t<meta property=\"og:image:width\" content=\"1440\" \/>\n\t<meta property=\"og:image:height\" content=\"1920\" \/>\n\t<meta property=\"og:image:type\" content=\"image\/jpeg\" \/>\n<meta name=\"twitter:card\" content=\"summary_large_image\" \/>\n<meta name=\"twitter:label1\" content=\"Dur\u00e9e de lecture estim\u00e9e\" \/>\n\t<meta name=\"twitter:data1\" content=\"1 minute\" \/>\n<script type=\"application\/ld+json\" class=\"yoast-schema-graph\">{\"@context\":\"https:\\\/\\\/schema.org\",\"@graph\":[{\"@type\":\"WebPage\",\"@id\":\"https:\\\/\\\/www.silvercoastpropertyservices.com\\\/fr\\\/accommodation\\\/t2-vale-furado\\\/\",\"url\":\"https:\\\/\\\/www.silvercoastpropertyservices.com\\\/fr\\\/accommodation\\\/t2-vale-furado\\\/\",\"name\":\"Appartement pr\u00e8s de la mer | Mina do Azeiche\",\"isPartOf\":{\"@id\":\"https:\\\/\\\/www.silvercoastpropertyservices.com\\\/fr\\\/#website\"},\"primaryImageOfPage\":{\"@id\":\"https:\\\/\\\/www.silvercoastpropertyservices.com\\\/fr\\\/accommodation\\\/t2-vale-furado\\\/#primaryimage\"},\"image\":{\"@id\":\"https:\\\/\\\/www.silvercoastpropertyservices.com\\\/fr\\\/accommodation\\\/t2-vale-furado\\\/#primaryimage\"},\"thumbnailUrl\":\"https:\\\/\\\/www.silvercoastpropertyservices.com\\\/wp-content\\\/uploads\\\/2026\\\/04\\\/PHOTO-2026-04-14-10-42-32-1-scaled.jpg\",\"datePublished\":\"2026-04-27T15:27:59+00:00\",\"breadcrumb\":{\"@id\":\"https:\\\/\\\/www.silvercoastpropertyservices.com\\\/fr\\\/accommodation\\\/t2-vale-furado\\\/#breadcrumb\"},\"inLanguage\":\"fr-FR\",\"potentialAction\":[{\"@type\":\"ReadAction\",\"target\":[\"https:\\\/\\\/www.silvercoastpropertyservices.com\\\/fr\\\/accommodation\\\/t2-vale-furado\\\/\"]}]},{\"@type\":\"ImageObject\",\"inLanguage\":\"fr-FR\",\"@id\":\"https:\\\/\\\/www.silvercoastpropertyservices.com\\\/fr\\\/accommodation\\\/t2-vale-furado\\\/#primaryimage\",\"url\":\"https:\\\/\\\/www.silvercoastpropertyservices.com\\\/wp-content\\\/uploads\\\/2026\\\/04\\\/PHOTO-2026-04-14-10-42-32-1-scaled.jpg\",\"contentUrl\":\"https:\\\/\\\/www.silvercoastpropertyservices.com\\\/wp-content\\\/uploads\\\/2026\\\/04\\\/PHOTO-2026-04-14-10-42-32-1-scaled.jpg\",\"width\":1440,\"height\":1920},{\"@type\":\"BreadcrumbList\",\"@id\":\"https:\\\/\\\/www.silvercoastpropertyservices.com\\\/fr\\\/accommodation\\\/t2-vale-furado\\\/#breadcrumb\",\"itemListElement\":[{\"@type\":\"ListItem\",\"position\":1,\"name\":\"Home\",\"item\":\"https:\\\/\\\/www.silvercoastpropertyservices.com\\\/fr\\\/\"},{\"@type\":\"ListItem\",\"position\":2,\"name\":\"Types d&#039;h\u00e9bergement\",\"item\":\"https:\\\/\\\/www.silvercoastpropertyservices.com\\\/fr\\\/accommodation\\\/\"},{\"@type\":\"ListItem\",\"position\":3,\"name\":\"T2 Vale Furado\"}]},{\"@type\":\"WebSite\",\"@id\":\"https:\\\/\\\/www.silvercoastpropertyservices.com\\\/fr\\\/#website\",\"url\":\"https:\\\/\\\/www.silvercoastpropertyservices.com\\\/fr\\\/\",\"name\":\"2nd Place in Portugal\",\"description\":\"En nog een WordPress website\",\"publisher\":{\"@id\":\"https:\\\/\\\/www.silvercoastpropertyservices.com\\\/fr\\\/#organization\"},\"potentialAction\":[{\"@type\":\"SearchAction\",\"target\":{\"@type\":\"EntryPoint\",\"urlTemplate\":\"https:\\\/\\\/www.silvercoastpropertyservices.com\\\/fr\\\/?s={search_term_string}\"},\"query-input\":{\"@type\":\"PropertyValueSpecification\",\"valueRequired\":true,\"valueName\":\"search_term_string\"}}],\"inLanguage\":\"fr-FR\"},{\"@type\":\"Organization\",\"@id\":\"https:\\\/\\\/www.silvercoastpropertyservices.com\\\/fr\\\/#organization\",\"name\":\"2nd Place in Portugal\",\"url\":\"https:\\\/\\\/www.silvercoastpropertyservices.com\\\/fr\\\/\",\"logo\":{\"@type\":\"ImageObject\",\"inLanguage\":\"fr-FR\",\"@id\":\"https:\\\/\\\/www.silvercoastpropertyservices.com\\\/fr\\\/#\\\/schema\\\/logo\\\/image\\\/\",\"url\":\"https:\\\/\\\/www.silvercoastpropertyservices.com\\\/wp-content\\\/uploads\\\/2019\\\/02\\\/logo-circle.png\",\"contentUrl\":\"https:\\\/\\\/www.silvercoastpropertyservices.com\\\/wp-content\\\/uploads\\\/2019\\\/02\\\/logo-circle.png\",\"width\":200,\"height\":200,\"caption\":\"2nd Place in Portugal\"},\"image\":{\"@id\":\"https:\\\/\\\/www.silvercoastpropertyservices.com\\\/fr\\\/#\\\/schema\\\/logo\\\/image\\\/\"}}]}<\/script>\n<!-- \/ Yoast SEO plugin. -->","yoast_head_json":{"title":"Appartement pr\u00e8s de la mer | Mina do Azeiche","robots":{"index":"index","follow":"follow","max-snippet":"max-snippet:-1","max-image-preview":"max-image-preview:large","max-video-preview":"max-video-preview:-1"},"canonical":"https:\/\/www.silvercoastpropertyservices.com\/fr\/accommodation\/t2-vale-furado\/","og_locale":"fr_FR","og_type":"article","og_title":"Appartement pr\u00e8s de la mer | Mina do Azeiche","og_url":"https:\/\/www.silvercoastpropertyservices.com\/fr\/accommodation\/t2-vale-furado\/","og_site_name":"2nd Place in Portugal","og_image":[{"width":1440,"height":1920,"url":"https:\/\/www.silvercoastpropertyservices.com\/wp-content\/uploads\/2026\/04\/PHOTO-2026-04-14-10-42-32-1-scaled.jpg","type":"image\/jpeg"}],"twitter_card":"summary_large_image","twitter_misc":{"Dur\u00e9e de lecture estim\u00e9e":"1 minute"},"schema":{"@context":"https:\/\/schema.org","@graph":[{"@type":"WebPage","@id":"https:\/\/www.silvercoastpropertyservices.com\/fr\/accommodation\/t2-vale-furado\/","url":"https:\/\/www.silvercoastpropertyservices.com\/fr\/accommodation\/t2-vale-furado\/","name":"Appartement pr\u00e8s de la mer | Mina do Azeiche","isPartOf":{"@id":"https:\/\/www.silvercoastpropertyservices.com\/fr\/#website"},"primaryImageOfPage":{"@id":"https:\/\/www.silvercoastpropertyservices.com\/fr\/accommodation\/t2-vale-furado\/#primaryimage"},"image":{"@id":"https:\/\/www.silvercoastpropertyservices.com\/fr\/accommodation\/t2-vale-furado\/#primaryimage"},"thumbnailUrl":"https:\/\/www.silvercoastpropertyservices.com\/wp-content\/uploads\/2026\/04\/PHOTO-2026-04-14-10-42-32-1-scaled.jpg","datePublished":"2026-04-27T15:27:59+00:00","breadcrumb":{"@id":"https:\/\/www.silvercoastpropertyservices.com\/fr\/accommodation\/t2-vale-furado\/#breadcrumb"},"inLanguage":"fr-FR","potentialAction":[{"@type":"ReadAction","target":["https:\/\/www.silvercoastpropertyservices.com\/fr\/accommodation\/t2-vale-furado\/"]}]},{"@type":"ImageObject","inLanguage":"fr-FR","@id":"https:\/\/www.silvercoastpropertyservices.com\/fr\/accommodation\/t2-vale-furado\/#primaryimage","url":"https:\/\/www.silvercoastpropertyservices.com\/wp-content\/uploads\/2026\/04\/PHOTO-2026-04-14-10-42-32-1-scaled.jpg","contentUrl":"https:\/\/www.silvercoastpropertyservices.com\/wp-content\/uploads\/2026\/04\/PHOTO-2026-04-14-10-42-32-1-scaled.jpg","width":1440,"height":1920},{"@type":"BreadcrumbList","@id":"https:\/\/www.silvercoastpropertyservices.com\/fr\/accommodation\/t2-vale-furado\/#breadcrumb","itemListElement":[{"@type":"ListItem","position":1,"name":"Home","item":"https:\/\/www.silvercoastpropertyservices.com\/fr\/"},{"@type":"ListItem","position":2,"name":"Types d&#039;h\u00e9bergement","item":"https:\/\/www.silvercoastpropertyservices.com\/fr\/accommodation\/"},{"@type":"ListItem","position":3,"name":"T2 Vale Furado"}]},{"@type":"WebSite","@id":"https:\/\/www.silvercoastpropertyservices.com\/fr\/#website","url":"https:\/\/www.silvercoastpropertyservices.com\/fr\/","name":"2nd Place in Portugal","description":"En nog een WordPress website","publisher":{"@id":"https:\/\/www.silvercoastpropertyservices.com\/fr\/#organization"},"potentialAction":[{"@type":"SearchAction","target":{"@type":"EntryPoint","urlTemplate":"https:\/\/www.silvercoastpropertyservices.com\/fr\/?s={search_term_string}"},"query-input":{"@type":"PropertyValueSpecification","valueRequired":true,"valueName":"search_term_string"}}],"inLanguage":"fr-FR"},{"@type":"Organization","@id":"https:\/\/www.silvercoastpropertyservices.com\/fr\/#organization","name":"2nd Place in Portugal","url":"https:\/\/www.silvercoastpropertyservices.com\/fr\/","logo":{"@type":"ImageObject","inLanguage":"fr-FR","@id":"https:\/\/www.silvercoastpropertyservices.com\/fr\/#\/schema\/logo\/image\/","url":"https:\/\/www.silvercoastpropertyservices.com\/wp-content\/uploads\/2019\/02\/logo-circle.png","contentUrl":"https:\/\/www.silvercoastpropertyservices.com\/wp-content\/uploads\/2019\/02\/logo-circle.png","width":200,"height":200,"caption":"2nd Place in Portugal"},"image":{"@id":"https:\/\/www.silvercoastpropertyservices.com\/fr\/#\/schema\/logo\/image\/"}}]}},"_links":{"self":[{"href":"https:\/\/www.silvercoastpropertyservices.com\/fr\/wp-json\/wp\/v2\/hb_accommodation\/10113","targetHints":{"allow":["GET"]}}],"collection":[{"href":"https:\/\/www.silvercoastpropertyservices.com\/fr\/wp-json\/wp\/v2\/hb_accommodation"}],"about":[{"href":"https:\/\/www.silvercoastpropertyservices.com\/fr\/wp-json\/wp\/v2\/types\/hb_accommodation"}],"version-history":[{"count":1,"href":"https:\/\/www.silvercoastpropertyservices.com\/fr\/wp-json\/wp\/v2\/hb_accommodation\/10113\/revisions"}],"predecessor-version":[{"id":10131,"href":"https:\/\/www.silvercoastpropertyservices.com\/fr\/wp-json\/wp\/v2\/hb_accommodation\/10113\/revisions\/10131"}],"wp:featuredmedia":[{"embeddable":true,"href":"https:\/\/www.silvercoastpropertyservices.com\/fr\/wp-json\/wp\/v2\/media\/10112"}],"wp:attachment":[{"href":"https:\/\/www.silvercoastpropertyservices.com\/fr\/wp-json\/wp\/v2\/media?parent=10113"}],"wp:term":[{"taxonomy":"leefruimte-voorziening","embeddable":true,"href":"https:\/\/www.silvercoastpropertyservices.com\/fr\/wp-json\/wp\/v2\/leefruimte-voorziening?post=10113"},{"taxonomy":"keuken-voorziening","embeddable":true,"href":"https:\/\/www.silvercoastpropertyservices.com\/fr\/wp-json\/wp\/v2\/keuken-voorziening?post=10113"},{"taxonomy":"tuin-voorziening","embeddable":true,"href":"https:\/\/www.silvercoastpropertyservices.com\/fr\/wp-json\/wp\/v2\/tuin-voorziening?post=10113"}],"curies":[{"name":"wp","href":"https:\/\/api.w.org\/{rel}","templated":true}]}}